{"id":12895,"date":"2026-04-22T08:37:39","date_gmt":"2026-04-22T08:37:39","guid":{"rendered":"https:\/\/www.verahastanesi.com\/?post_type=hekimler&#038;p=12895"},"modified":"2026-04-22T08:39:36","modified_gmt":"2026-04-22T08:39:36","slug":"dt-izzet-yaman","status":"publish","type":"hekimler","link":"https:\/\/www.verahastanesi.com\/en\/doktorlar\/dt-izzet-yaman\/","title":{"rendered":"Dt. \u0130zzet Yaman"},"content":{"rendered":"\n<div class=\"gb-element-babe1482\">\n<div class=\"gb-tabs\" data-opened-tab=\"1\">\n<div class=\"gb-tabs__menu tabs-menu gb-tabs__menu-88031965\" role=\"tablist\">\n<div tabindex=\"0\" class=\"gb-tabs__menu-item tabitem gb-tabs__menu-item-c0cf6525\" role=\"tab\" id=\"gb-tab-menu-item-c0cf6525\">\n<span class=\"gb-text\">\u00d6zge\u00e7mi\u015f<\/span>\n<\/div>\n<\/div>\n\n\n\n<div class=\"gb-tabs__items gb-tabs__items-775ded4b\">\n<div class=\"gb-tabs__item gb-tabs__item-e26a0cf8\" role=\"tabpanel\" id=\"gb-tab-item-e26a0cf8\">\n<p>Dt. \u0130zzet Yaman, 1998 Antalya do\u011fumlu olup, lisans e\u011fitimini 2022 y\u0131l\u0131nda \u0130stanbul Medipol \u00dcniversitesi Di\u015f Hekimli\u011fi Fak\u00fcltesi\u2019nde tamamlam\u0131\u015ft\u0131r. Mezuniyetinin ard\u0131ndan mesleki geli\u015fimini h\u0131zla s\u00fcrd\u00fcren Dt. Yaman, 2022 y\u0131l\u0131nda \u00d6mer \u0130stanbul Di\u015f Poliklini\u011fi\u2019nde klinik deneyim kazanm\u0131\u015f, 2023 y\u0131l\u0131ndan itibaren ise Avicenna Hastane Sa\u011fl\u0131k Grubu\u2019nda \u00e7al\u0131\u015fmaya devam etmektedir.<\/p>\n\n\n\n<p>Klinik prati\u011finde \u00f6zellikle kanal tedavisi, estetik dolgu ve lamine uygulamalar\u0131 \u00fczerine yo\u011funla\u015fan Dt. Yaman, ayn\u0131 zamanda g\u00f6m\u00fcl\u00fc di\u015f \u00e7ekimi ve k\u0131r\u0131k k\u00f6k \u00e7\u0131karma konular\u0131nda da yetkinlik kazanm\u0131\u015ft\u0131r. Mesleki becerilerini geli\u015ftirmek i\u00e7in min\u00f6r cerrahi, MTA kullan\u0131m\u0131 ve estetik tedavi e\u011fitimleri alm\u0131\u015f olup, modern di\u015f hekimli\u011fi uygulamalar\u0131n\u0131 bilimsel veriler \u0131\u015f\u0131\u011f\u0131nda ve g\u00fcvenli bir \u015fekilde hastalar\u0131na sunmay\u0131 hedeflemektedir.<\/p>\n\n\n\n<p>Hastalar\u0131na estetik ve fonksiyonel a\u00e7\u0131dan y\u00fcksek kaliteli \u00e7\u00f6z\u00fcmler sunmay\u0131 ama\u00e7layan Dt. \u0130zzet Yaman, titiz \u00e7al\u0131\u015fma prensibi, g\u00fc\u00e7l\u00fc hasta ileti\u015fimi ve estetik odakl\u0131 yakla\u015f\u0131m\u0131yla klinik prati\u011finde fark yaratmaktad\u0131r.<\/p>\n<\/div>\n<\/div>\n<\/div>\n<\/div>\n","protected":false},"featured_media":12896,"parent":0,"template":"","format":"standard","class_list":["post-12895","hekimler","type-hekimler","status-publish","format-standard","has-post-thumbnail","hentry","infinite-scroll-item"],"acf":[],"_links":{"self":[{"href":"https:\/\/www.verahastanesi.com\/en\/wp-json\/wp\/v2\/hekimler\/12895","targetHints":{"allow":["GET"]}}],"collection":[{"href":"https:\/\/www.verahastanesi.com\/en\/wp-json\/wp\/v2\/hekimler"}],"about":[{"href":"https:\/\/www.verahastanesi.com\/en\/wp-json\/wp\/v2\/types\/hekimler"}],"wp:featuredmedia":[{"embeddable":true,"href":"https:\/\/www.verahastanesi.com\/en\/wp-json\/wp\/v2\/media\/12896"}],"wp:attachment":[{"href":"https:\/\/www.verahastanesi.com\/en\/wp-json\/wp\/v2\/media?parent=12895"}],"curies":[{"name":"wp","href":"https:\/\/api.w.org\/{rel}","templated":true}]}}